{"id":17,"date":"2018-02-10T03:28:37","date_gmt":"2018-02-10T03:28:37","guid":{"rendered":"http:\/\/www.casasdebucalemu.cl\/?page_id=15"},"modified":"2018-03-10T23:57:17","modified_gmt":"2018-03-10T23:57:17","slug":"our-house","status":"publish","type":"page","link":"http:\/\/www.casasdebucalemu.cl\/english\/our-house\/","title":{"rendered":"OUR HOUSE"},"content":{"rendered":"<p>[vc_row css_animation=&#8221;&#8221; row_type=&#8221;row&#8221; use_row_as_full_screen_section=&#8221;no&#8221; type=&#8221;full_width&#8221; angled_section=&#8221;no&#8221; text_align=&#8221;center&#8221; background_image_as_pattern=&#8221;without_pattern&#8221; background_color=&#8221;#c2b9a6&#8243;][vc_column][vc_empty_space height=&#8221;100px&#8221;]<div class=\"masonry_gallery_holder  \" data-parallax_item_speed=\"0.3\" data-parallax_item_offset=\"0\"><div class=\"grid-sizer\"><\/div><article class=\"masonry_gallery_item rectangle_landscape standard \"><div class = \"masonry_gallery_image_holder\"><img loading=\"lazy\" decoding=\"async\" width=\"1000\" height=\"500\" src=\"http:\/\/www.casasdebucalemu.cl\/english\/wp-content\/uploads\/2018\/02\/nc1-casas-de-bucalemu.jpg\" class=\"attachment-portfolio_masonry_wide size-portfolio_masonry_wide wp-post-image\" alt=\"\" srcset=\"http:\/\/www.casasdebucalemu.cl\/english\/wp-content\/uploads\/2018\/02\/nc1-casas-de-bucalemu.jpg 1000w, http:\/\/www.casasdebucalemu.cl\/english\/wp-content\/uploads\/2018\/02\/nc1-casas-de-bucalemu-300x150.jpg 300w, http:\/\/www.casasdebucalemu.cl\/english\/wp-content\/uploads\/2018\/02\/nc1-casas-de-bucalemu-768x384.jpg 768w, http:\/\/www.casasdebucalemu.cl\/english\/wp-content\/uploads\/2018\/02\/nc1-casas-de-bucalemu-700x350.jpg 700w\" sizes=\"auto, (max-width: 1000px) 100vw, 1000px\" \/><\/div><div class=\"masonry_gallery_item_outer\"><div class=\"masonry_gallery_item_inner\"><div class=\"masonry_gallery_item_content\"><h3 itemprop=\"name\"><\/h3><\/div><\/div><\/div><\/article><article class=\"masonry_gallery_item square_big standard \"><div class = \"masonry_gallery_image_holder\"><img loading=\"lazy\" decoding=\"async\" width=\"800\" height=\"800\" src=\"http:\/\/www.casasdebucalemu.cl\/english\/wp-content\/uploads\/2018\/02\/nc4-casas-de-bucalemu.jpg\" class=\"attachment-portfolio_masonry_large size-portfolio_masonry_large wp-post-image\" alt=\"\" srcset=\"http:\/\/www.casasdebucalemu.cl\/english\/wp-content\/uploads\/2018\/02\/nc4-casas-de-bucalemu.jpg 800w, http:\/\/www.casasdebucalemu.cl\/english\/wp-content\/uploads\/2018\/02\/nc4-casas-de-bucalemu-150x150.jpg 150w, http:\/\/www.casasdebucalemu.cl\/english\/wp-content\/uploads\/2018\/02\/nc4-casas-de-bucalemu-300x300.jpg 300w, http:\/\/www.casasdebucalemu.cl\/english\/wp-content\/uploads\/2018\/02\/nc4-casas-de-bucalemu-768x768.jpg 768w, http:\/\/www.casasdebucalemu.cl\/english\/wp-content\/uploads\/2018\/02\/nc4-casas-de-bucalemu-570x570.jpg 570w, http:\/\/www.casasdebucalemu.cl\/english\/wp-content\/uploads\/2018\/02\/nc4-casas-de-bucalemu-500x500.jpg 500w, http:\/\/www.casasdebucalemu.cl\/english\/wp-content\/uploads\/2018\/02\/nc4-casas-de-bucalemu-700x700.jpg 700w\" sizes=\"auto, (max-width: 800px) 100vw, 800px\" \/><\/div><div class=\"masonry_gallery_item_outer\"><div class=\"masonry_gallery_item_inner\"><div class=\"masonry_gallery_item_content\"><h3 itemprop=\"name\"><\/h3><\/div><\/div><\/div><\/article><article class=\"masonry_gallery_item square_small standard \"><div class = \"masonry_gallery_image_holder\"><img loading=\"lazy\" decoding=\"async\" width=\"570\" height=\"570\" src=\"http:\/\/www.casasdebucalemu.cl\/english\/wp-content\/uploads\/2018\/02\/nc3-casas-de-bucalemu-570x570.jpg\" class=\"attachment-portfolio-square size-portfolio-square wp-post-image\" alt=\"\" srcset=\"http:\/\/www.casasdebucalemu.cl\/english\/wp-content\/uploads\/2018\/02\/nc3-casas-de-bucalemu-570x570.jpg 570w, http:\/\/www.casasdebucalemu.cl\/english\/wp-content\/uploads\/2018\/02\/nc3-casas-de-bucalemu-150x150.jpg 150w, http:\/\/www.casasdebucalemu.cl\/english\/wp-content\/uploads\/2018\/02\/nc3-casas-de-bucalemu-300x300.jpg 300w, http:\/\/www.casasdebucalemu.cl\/english\/wp-content\/uploads\/2018\/02\/nc3-casas-de-bucalemu-768x768.jpg 768w, http:\/\/www.casasdebucalemu.cl\/english\/wp-content\/uploads\/2018\/02\/nc3-casas-de-bucalemu-500x500.jpg 500w, http:\/\/www.casasdebucalemu.cl\/english\/wp-content\/uploads\/2018\/02\/nc3-casas-de-bucalemu-700x700.jpg 700w, http:\/\/www.casasdebucalemu.cl\/english\/wp-content\/uploads\/2018\/02\/nc3-casas-de-bucalemu.jpg 800w\" sizes=\"auto, (max-width: 570px) 100vw, 570px\" \/><\/div><div class=\"masonry_gallery_item_outer\"><div class=\"masonry_gallery_item_inner\"><div class=\"masonry_gallery_item_content\"><h3 itemprop=\"name\"><\/h3><\/div><\/div><\/div><\/article><article class=\"masonry_gallery_item rectangle_portrait standard \"><div class = \"masonry_gallery_image_holder\"><img loading=\"lazy\" decoding=\"async\" width=\"500\" height=\"1000\" src=\"http:\/\/www.casasdebucalemu.cl\/english\/wp-content\/uploads\/2018\/02\/nc5-casas-de-bucalemu.jpg\" class=\"attachment-portfolio_masonry_tall size-portfolio_masonry_tall wp-post-image\" alt=\"\" srcset=\"http:\/\/www.casasdebucalemu.cl\/english\/wp-content\/uploads\/2018\/02\/nc5-casas-de-bucalemu.jpg 500w, http:\/\/www.casasdebucalemu.cl\/english\/wp-content\/uploads\/2018\/02\/nc5-casas-de-bucalemu-150x300.jpg 150w\" sizes=\"auto, (max-width: 500px) 100vw, 500px\" \/><\/div><div class=\"masonry_gallery_item_outer\"><div class=\"masonry_gallery_item_inner\"><div class=\"masonry_gallery_item_content\"><h3 itemprop=\"name\"><\/h3><\/div><\/div><\/div><\/article><article class=\"masonry_gallery_item rectangle_landscape standard \"><div class = \"masonry_gallery_image_holder\"><img loading=\"lazy\" decoding=\"async\" width=\"1000\" height=\"500\" src=\"http:\/\/www.casasdebucalemu.cl\/english\/wp-content\/uploads\/2018\/02\/nc6-casas-de-bucalemu.jpg\" class=\"attachment-portfolio_masonry_wide size-portfolio_masonry_wide wp-post-image\" alt=\"\" srcset=\"http:\/\/www.casasdebucalemu.cl\/english\/wp-content\/uploads\/2018\/02\/nc6-casas-de-bucalemu.jpg 1000w, http:\/\/www.casasdebucalemu.cl\/english\/wp-content\/uploads\/2018\/02\/nc6-casas-de-bucalemu-300x150.jpg 300w, http:\/\/www.casasdebucalemu.cl\/english\/wp-content\/uploads\/2018\/02\/nc6-casas-de-bucalemu-768x384.jpg 768w, http:\/\/www.casasdebucalemu.cl\/english\/wp-content\/uploads\/2018\/02\/nc6-casas-de-bucalemu-700x350.jpg 700w\" sizes=\"auto, (max-width: 1000px) 100vw, 1000px\" \/><\/div><div class=\"masonry_gallery_item_outer\"><div class=\"masonry_gallery_item_inner\"><div class=\"masonry_gallery_item_content\"><h3 itemprop=\"name\"><\/h3><\/div><\/div><\/div><\/article><article class=\"masonry_gallery_item square_small standard \"><div class = \"masonry_gallery_image_holder\"><img loading=\"lazy\" decoding=\"async\" width=\"500\" height=\"500\" src=\"http:\/\/www.casasdebucalemu.cl\/english\/wp-content\/uploads\/2018\/03\/nc3a-casas-de-bucalemu.jpg\" class=\"attachment-portfolio-square size-portfolio-square wp-post-image\" alt=\"\" srcset=\"http:\/\/www.casasdebucalemu.cl\/english\/wp-content\/uploads\/2018\/03\/nc3a-casas-de-bucalemu.jpg 500w, http:\/\/www.casasdebucalemu.cl\/english\/wp-content\/uploads\/2018\/03\/nc3a-casas-de-bucalemu-150x150.jpg 150w, http:\/\/www.casasdebucalemu.cl\/english\/wp-content\/uploads\/2018\/03\/nc3a-casas-de-bucalemu-300x300.jpg 300w\" sizes=\"auto, (max-width: 500px) 100vw, 500px\" \/><\/div><div class=\"masonry_gallery_item_outer\"><div class=\"masonry_gallery_item_inner\"><div class=\"masonry_gallery_item_content\"><h3 itemprop=\"name\"><\/h3><\/div><\/div><\/div><\/article><\/div>[vc_empty_space height=&#8221;30px&#8221;][\/vc_column][\/vc_row][vc_row css_animation=&#8221;&#8221; row_type=&#8221;row&#8221; use_row_as_full_screen_section=&#8221;no&#8221; type=&#8221;full_width&#8221; angled_section=&#8221;no&#8221; text_align=&#8221;left&#8221; background_image_as_pattern=&#8221;without_pattern&#8221;][vc_column width=&#8221;2\/3&#8243;][vc_empty_space height=&#8221;130px&#8221;][vc_column_text]<\/p>\n<h2 style=\"color: #6d8ea9; text-align: right;\">HISTORY<\/h2>\n<p>[\/vc_column_text][vc_empty_space height=&#8221;30px&#8221;][qode_elements_holder number_of_columns=&#8221;one_column&#8221;][qode_elements_holder_item item_padding=&#8221;0px 0px 0px 30px&#8221; advanced_animations=&#8221;no&#8221;][vc_column_text]<\/p>\n<h6 style=\"text-align: right;\">The Buculemu Hacienda was one of Chile&#8217;s largest encomiendas (land grants) during the colonial period. In 1549, the land was entrusted to In\u00e9z de Suarez and Rodrigo de Quiroga and then passed to Sebastian Garc\u00eda Garreto, who donated it in 1627 to the Compa\u00f1\u00eda de Jes\u00fas religious order, which administered it for 140 years.<\/h6>\n<p>&nbsp;<\/p>\n<h6 style=\"text-align: right;\">After the Jesuits were expelled from Chilean territory in the mid-18th century, the Spanish crown sold the land in 1778 to the Fern\u00e1ndez family, who has kept it in the family and conserved the family tradition as well as the spirit and legacy of their forebears.<\/h6>\n<p>[\/vc_column_text][\/qode_elements_holder_item][\/qode_elements_holder][\/vc_column][vc_column width=&#8221;1\/3&#8243;][vc_single_image image=&#8221;44&#8243; img_size=&#8221;400&#215;600&#8243; alignment=&#8221;center&#8221; qode_css_animation=&#8221;element_from_right&#8221;][vc_column_text]<\/p>\n<p style=\"text-align: center;\">Hist\u00f3rica Relaci\u00f3n del Reino de Chile, Alonso de Ovalle, 1646.<\/p>\n<p>[\/vc_column_text][\/vc_column][\/vc_row][vc_row css_animation=&#8221;&#8221; row_type=&#8221;row&#8221; use_row_as_full_screen_section=&#8221;no&#8221; type=&#8221;full_width&#8221; angled_section=&#8221;no&#8221; text_align=&#8221;left&#8221; background_image_as_pattern=&#8221;without_pattern&#8221;][vc_column][vc_empty_space height=&#8221;30px&#8221;][vc_column_text]<\/p>\n<h2 style=\"text-align: center; color: #6d8ea9;\">TRADITIONS<\/h2>\n<p>[\/vc_column_text][vc_empty_space height=&#8221;30px&#8221;][\/vc_column][\/vc_row][vc_row css_animation=&#8221;&#8221; row_type=&#8221;row&#8221; use_row_as_full_screen_section=&#8221;no&#8221; type=&#8221;full_width&#8221; angled_section=&#8221;no&#8221; text_align=&#8221;left&#8221; background_image_as_pattern=&#8221;without_pattern&#8221;][vc_column width=&#8221;2\/3&#8243;][vc_single_image image=&#8221;47&#8243; img_size=&#8221;full&#8221; alignment=&#8221;center&#8221; qode_css_animation=&#8221;element_from_left&#8221;][\/vc_column][vc_column width=&#8221;1\/3&#8243;][vc_empty_space height=&#8221;100px&#8221;][vc_column_text]<\/p>\n<h2 style=\"color: #6d8ea9; text-align: left;\">OUR HOUSE<\/h2>\n<p>[\/vc_column_text][vc_empty_space height=&#8221;30px&#8221;][vc_column_text css=&#8221;.vc_custom_1520725516081{margin-right: 20px !important;}&#8221;]<\/p>\n<h6 style=\"text-align: left;\">Built in 1858 in the Chilean colonial style. Today very few of Chile&#8217;s original country homes still remain in the hands of the families that built them.<br \/>\nMany generations have passed through this house and have maintained the traditions and preserved it in the same conditions of their ancestors.<\/h6>\n<p>[\/vc_column_text][\/vc_column][\/vc_row][vc_row css_animation=&#8221;&#8221; row_type=&#8221;row&#8221; use_row_as_full_screen_section=&#8221;no&#8221; type=&#8221;full_width&#8221; angled_section=&#8221;no&#8221; text_align=&#8221;left&#8221; background_image_as_pattern=&#8221;without_pattern&#8221;][vc_column width=&#8221;1\/3&#8243;][vc_empty_space height=&#8221;110px&#8221;][vc_column_text]<\/p>\n<h2 style=\"text-align: right; color: #6d8ea9;\">HORSES<\/h2>\n<p>[\/vc_column_text][vc_empty_space height=&#8221;30px&#8221;][vc_column_text css=&#8221;.vc_custom_1520725638593{margin-left: 20px !important;}&#8221;]<\/p>\n<h6 style=\"text-align: right;\">Steeped in Chile&#8217;s rural traditions and a love of the countryside, the rodeo and Chilean horses, the Criadero de Casas de Bucalemu was founded in 2000 to raise fine Chilean horses for competition.<\/h6>\n<p>[\/vc_column_text][\/vc_column][vc_column width=&#8221;2\/3&#8243;][vc_single_image image=&#8221;27&#8243; img_size=&#8221;full&#8221; alignment=&#8221;center&#8221; qode_css_animation=&#8221;element_from_right&#8221;][\/vc_column][\/vc_row][vc_row css_animation=&#8221;&#8221; row_type=&#8221;row&#8221; use_row_as_full_screen_section=&#8221;no&#8221; type=&#8221;full_width&#8221; angled_section=&#8221;no&#8221; text_align=&#8221;left&#8221; background_image_as_pattern=&#8221;without_pattern&#8221;][vc_column width=&#8221;2\/3&#8243;][vc_single_image image=&#8221;28&#8243; img_size=&#8221;full&#8221; alignment=&#8221;center&#8221; qode_css_animation=&#8221;element_from_left&#8221;][\/vc_column][vc_column width=&#8221;1\/3&#8243;][vc_empty_space height=&#8221;50px&#8221;][vc_column_text]<\/p>\n<h2 style=\"text-align: left; color: #6d8ea9;\">RODEO<\/h2>\n<p>[\/vc_column_text][vc_empty_space height=&#8221;30px&#8221;][vc_column_text css=&#8221;.vc_custom_1520725683463{margin-right: 20px !important;}&#8221;]<\/p>\n<h6>The Chilean rodeo is both traditional and unique in that only Chilean horses may compete. The national breed originated with horses brought during the Spanish conquest in 1544. It was recorded as a specific genealogical breed in 1893 and today it is recognized as the oldest breed of horses in the Americas and the third oldest in the world. The rodeo was declared the national sport in 1962.<br \/>\nWe have our own medialuna (rodeo arena), and our entire family participates in this noble tradition and are active participants in the National Rodeo Championships.<\/h6>\n<p>[\/vc_column_text][\/vc_column][\/vc_row][vc_row css_animation=&#8221;&#8221; row_type=&#8221;row&#8221; use_row_as_full_screen_section=&#8221;no&#8221; type=&#8221;full_width&#8221; angled_section=&#8221;no&#8221; text_align=&#8221;left&#8221; background_image_as_pattern=&#8221;without_pattern&#8221;][vc_column width=&#8221;1\/3&#8243;][vc_empty_space height=&#8221;110px&#8221;][vc_column_text]<\/p>\n<h2 style=\"text-align: right; color: #6d8ea9;\">THE WINE<\/h2>\n<p>[\/vc_column_text][vc_empty_space height=&#8221;30px&#8221;][vc_column_text css=&#8221;.vc_custom_1520726218448{margin-left: 20px !important;}&#8221;]<\/p>\n<h6 style=\"text-align: right;\">We have also always been passionate about wine, and vineyards have grown on these lands since the Jesuits arrived in 1631. Today the hacienda&#8217;s century-old vineyards still grow in the gardens of the colonial home. We became pioneers in the coastal valley of Santo Domingo when we planted new vineyards in 2008.<\/h6>\n<p>[\/vc_column_text][\/vc_column][vc_column width=&#8221;2\/3&#8243;][vc_single_image image=&#8221;37&#8243; img_size=&#8221;full&#8221; alignment=&#8221;center&#8221; qode_css_animation=&#8221;element_from_right&#8221;][\/vc_column][\/vc_row][vc_row css_animation=&#8221;&#8221; row_type=&#8221;row&#8221; use_row_as_full_screen_section=&#8221;no&#8221; type=&#8221;full_width&#8221; angled_section=&#8221;no&#8221; text_align=&#8221;left&#8221; background_image_as_pattern=&#8221;without_pattern&#8221;][vc_column][vc_empty_space height=&#8221;120px&#8221;][\/vc_column][\/vc_row]<\/p>\n","protected":false},"excerpt":{"rendered":"<p>[vc_row css_animation=&#8221;&#8221; row_type=&#8221;row&#8221; use_row_as_full_screen_section=&#8221;no&#8221; type=&#8221;full_width&#8221; angled_section=&#8221;no&#8221; text_align=&#8221;center&#8221; background_image_as_pattern=&#8221;without_pattern&#8221; background_color=&#8221;#c2b9a6&#8243;][vc_column][vc_empty_space height=&#8221;100px&#8221;][vc_empty_space height=&#8221;30px&#8221;][\/vc_column][\/vc_row][vc_row css_animation=&#8221;&#8221; row_type=&#8221;row&#8221; use_row_as_full_screen_section=&#8221;no&#8221; type=&#8221;full_width&#8221; angled_section=&#8221;no&#8221; text_align=&#8221;left&#8221; background_image_as_pattern=&#8221;without_pattern&#8221;][vc_column width=&#8221;2\/3&#8243;][vc_empty_space height=&#8221;130px&#8221;][vc_column_text] HISTORY [\/vc_column_text][vc_empty_space height=&#8221;30px&#8221;][qode_elements_holder number_of_columns=&#8221;one_column&#8221;][qode_elements_holder_item item_padding=&#8221;0px 0px 0px 30px&#8221; advanced_animations=&#8221;no&#8221;][vc_column_text] The Buculemu Hacienda was one of Chile&#8217;s largest encomiendas (land grants) during the colonial period. In&#8230;<\/p>\n","protected":false},"author":1,"featured_media":0,"parent":0,"menu_order":0,"comment_status":"closed","ping_status":"closed","template":"full_width.php","meta":{"footnotes":""},"class_list":["post-17","page","type-page","status-publish","hentry"],"_links":{"self":[{"href":"http:\/\/www.casasdebucalemu.cl\/english\/wp-json\/wp\/v2\/pages\/17","targetHints":{"allow":["GET"]}}],"collection":[{"href":"http:\/\/www.casasdebucalemu.cl\/english\/wp-json\/wp\/v2\/pages"}],"about":[{"href":"http:\/\/www.casasdebucalemu.cl\/english\/wp-json\/wp\/v2\/types\/page"}],"author":[{"embeddable":true,"href":"http:\/\/www.casasdebucalemu.cl\/english\/wp-json\/wp\/v2\/users\/1"}],"replies":[{"embeddable":true,"href":"http:\/\/www.casasdebucalemu.cl\/english\/wp-json\/wp\/v2\/comments?post=17"}],"version-history":[{"count":6,"href":"http:\/\/www.casasdebucalemu.cl\/english\/wp-json\/wp\/v2\/pages\/17\/revisions"}],"predecessor-version":[{"id":168,"href":"http:\/\/www.casasdebucalemu.cl\/english\/wp-json\/wp\/v2\/pages\/17\/revisions\/168"}],"wp:attachment":[{"href":"http:\/\/www.casasdebucalemu.cl\/english\/wp-json\/wp\/v2\/media?parent=17"}],"curies":[{"name":"wp","href":"https:\/\/api.w.org\/{rel}","templated":true}]}}